{"id":4,"date":"2021-03-30T19:46:12","date_gmt":"2021-03-30T19:46:12","guid":{"rendered":"http:\/\/gartencafe.at\/wp\/?page_id=4"},"modified":"2026-03-16T13:29:03","modified_gmt":"2026-03-16T13:29:03","slug":"ueber-uns","status":"publish","type":"page","link":"http:\/\/gartencafe.at\/wp\/","title":{"rendered":"\u00dcber uns"},"content":{"rendered":"\t\t<div data-elementor-type=\"wp-post\" data-elementor-id=\"4\" class=\"elementor elementor-4\">\n\t\t\t\t\t\t<section class=\"elementor-section elementor-top-section elementor-element elementor-element-f714a94 elementor-section-boxed elementor-section-height-default elementor-section-height-default\" data-id=\"f714a94\" data-element_type=\"section\">\n\t\t\t\t\t\t<div class=\"elementor-container elementor-column-gap-default\">\n\t\t\t\t\t<div class=\"elementor-column elementor-col-100 elementor-top-column elementor-element elementor-element-0e190dc\" data-id=\"0e190dc\" data-element_type=\"column\">\n\t\t\t<div class=\"elementor-widget-wrap elementor-element-populated\">\n\t\t\t\t\t\t<div class=\"elementor-element elementor-element-32c7049 elementor-invisible elementor-widget elementor-widget-image\" data-id=\"32c7049\" data-element_type=\"widget\" data-settings=\"{&quot;_animation&quot;:&quot;slideInDown&quot;}\" data-widget_type=\"image.default\">\n\t\t\t\t<div class=\"elementor-widget-container\">\n\t\t\t\t\t\t\t\t\t\t\t\t\t<img decoding=\"async\" src=\"http:\/\/gartencafe.at\/wp\/wp-content\/uploads\/elementor\/thumbs\/Bildschirmfoto-2021-03-30-um-22.46.00-p4zvieubls7nwx40dqmijfxwlyi06q1c2dhst02ewg.png\" title=\"Bildschirmfoto 2021-03-30 um 22.46.00\" alt=\"Bildschirmfoto 2021-03-30 um 22.46.00\" loading=\"lazy\" \/>\t\t\t\t\t\t\t\t\t\t\t\t\t<\/div>\n\t\t\t\t<\/div>\n\t\t\t\t\t<\/div>\n\t\t<\/div>\n\t\t\t\t\t<\/div>\n\t\t<\/section>\n\t\t\t\t<section class=\"elementor-section elementor-top-section elementor-element elementor-element-b250546 elementor-section-boxed elementor-section-height-default elementor-section-height-default\" data-id=\"b250546\" data-element_type=\"section\">\n\t\t\t\t\t\t<div class=\"elementor-container elementor-column-gap-default\">\n\t\t\t\t\t<div class=\"elementor-column elementor-col-100 elementor-top-column elementor-element elementor-element-3e2d3ec\" data-id=\"3e2d3ec\" data-element_type=\"column\">\n\t\t\t<div class=\"elementor-widget-wrap elementor-element-populated\">\n\t\t\t\t\t\t<div class=\"elementor-element elementor-element-eb5dcef elementor-widget elementor-widget-text-editor\" data-id=\"eb5dcef\" data-element_type=\"widget\" data-widget_type=\"text-editor.default\">\n\t\t\t\t<div class=\"elementor-widget-container\">\n\t\t\t\t\t\t\t<p>Greifensteiner Stra\u00dfe 46<\/p><p style=\"text-align: center;\">3423 St. Andr\u00e4-W\u00f6rdern<\/p><p style=\"text-align: center;\">\u00a0Telefon: 02242 \/ 38758<\/p><p style=\"text-align: center;\">Mail: office (at) gartencafe.at<\/p>\t\t\t\t\t\t<\/div>\n\t\t\t\t<\/div>\n\t\t\t\t\t<\/div>\n\t\t<\/div>\n\t\t\t\t\t<\/div>\n\t\t<\/section>\n\t\t\t\t<section class=\"elementor-section elementor-top-section elementor-element elementor-element-1116dde elementor-section-boxed elementor-section-height-default elementor-section-height-default\" data-id=\"1116dde\" data-element_type=\"section\">\n\t\t\t\t\t\t<div class=\"elementor-container elementor-column-gap-default\">\n\t\t\t\t\t<div class=\"elementor-column elementor-col-100 elementor-top-column elementor-element elementor-element-cc66585\" data-id=\"cc66585\" data-element_type=\"column\">\n\t\t\t<div class=\"elementor-widget-wrap elementor-element-populated\">\n\t\t\t\t\t\t<div class=\"elementor-element elementor-element-cbb9e1f elementor-widget elementor-widget-text-editor\" data-id=\"cbb9e1f\" data-element_type=\"widget\" data-widget_type=\"text-editor.default\">\n\t\t\t\t<div class=\"elementor-widget-container\">\n\t\t\t\t\t\t\t<p style=\"text-align: center;\"><strong>t\u00e4glich von 8.00 bis 22.00 Uhr ge\u00f6ffnet.<\/strong><\/p>\t\t\t\t\t\t<\/div>\n\t\t\t\t<\/div>\n\t\t\t\t\t<\/div>\n\t\t<\/div>\n\t\t\t\t\t<\/div>\n\t\t<\/section>\n\t\t\t\t<section class=\"elementor-section elementor-top-section elementor-element elementor-element-dd5f5bf elementor-section-boxed elementor-section-height-default elementor-section-height-default\" data-id=\"dd5f5bf\" data-element_type=\"section\">\n\t\t\t\t\t\t<div class=\"elementor-container elementor-column-gap-default\">\n\t\t\t\t\t<div class=\"elementor-column elementor-col-100 elementor-top-column elementor-element elementor-element-62eb2cf\" data-id=\"62eb2cf\" data-element_type=\"column\">\n\t\t\t<div class=\"elementor-widget-wrap\">\n\t\t\t\t\t\t\t<\/div>\n\t\t<\/div>\n\t\t\t\t\t<\/div>\n\t\t<\/section>\n\t\t\t\t<section class=\"elementor-section elementor-top-section elementor-element elementor-element-c9140d0 elementor-section-boxed elementor-section-height-default elementor-section-height-default\" data-id=\"c9140d0\" data-element_type=\"section\">\n\t\t\t\t\t\t<div class=\"elementor-container elementor-column-gap-default\">\n\t\t\t\t\t<div class=\"elementor-column elementor-col-100 elementor-top-column elementor-element elementor-element-a1d9d33\" data-id=\"a1d9d33\" data-element_type=\"column\">\n\t\t\t<div class=\"elementor-widget-wrap elementor-element-populated\">\n\t\t\t\t\t\t<div class=\"elementor-element elementor-element-58631d4 elementor-widget elementor-widget-image\" data-id=\"58631d4\" data-element_type=\"widget\" data-widget_type=\"image.default\">\n\t\t\t\t<div class=\"elementor-widget-container\">\n\t\t\t\t\t\t\t\t\t\t<figure class=\"wp-caption\">\n\t\t\t\t\t\t\t\t\t\t\t<a href=\"http:\/\/gartencafe.at\/wp\/wp-content\/uploads\/2026\/03\/Karte_16_03_2026.pdf\">\n\t\t\t\t\t\t\t<img fetchpriority=\"high\" decoding=\"async\" width=\"300\" height=\"300\" src=\"http:\/\/gartencafe.at\/wp\/wp-content\/uploads\/2021\/05\/Karte_png_Seite_01-300x300.png\" class=\"attachment-medium size-medium wp-image-97\" alt=\"\" srcset=\"http:\/\/gartencafe.at\/wp\/wp-content\/uploads\/2021\/05\/Karte_png_Seite_01-300x300.png 300w, http:\/\/gartencafe.at\/wp\/wp-content\/uploads\/2021\/05\/Karte_png_Seite_01-1024x1024.png 1024w, http:\/\/gartencafe.at\/wp\/wp-content\/uploads\/2021\/05\/Karte_png_Seite_01-150x150.png 150w, http:\/\/gartencafe.at\/wp\/wp-content\/uploads\/2021\/05\/Karte_png_Seite_01-768x768.png 768w, http:\/\/gartencafe.at\/wp\/wp-content\/uploads\/2021\/05\/Karte_png_Seite_01-1536x1536.png 1536w, http:\/\/gartencafe.at\/wp\/wp-content\/uploads\/2021\/05\/Karte_png_Seite_01-100x100.png 100w, http:\/\/gartencafe.at\/wp\/wp-content\/uploads\/2021\/05\/Karte_png_Seite_01.png 1654w\" sizes=\"100vw\" \/>\t\t\t\t\t\t\t\t<\/a>\n\t\t\t\t\t\t\t\t\t\t\t<figcaption class=\"widget-image-caption wp-caption-text\">Speisekarte<\/figcaption>\n\t\t\t\t\t\t\t\t\t\t<\/figure>\n\t\t\t\t\t\t\t<\/div>\n\t\t\t\t<\/div>\n\t\t\t\t\t<\/div>\n\t\t<\/div>\n\t\t\t\t\t<\/div>\n\t\t<\/section>\n\t\t\t\t<section class=\"elementor-section elementor-top-section elementor-element elementor-element-3806129 elementor-section-boxed elementor-section-height-default elementor-section-height-default\" data-id=\"3806129\" data-element_type=\"section\">\n\t\t\t\t\t\t<div class=\"elementor-container elementor-column-gap-default\">\n\t\t\t\t\t<div class=\"elementor-column elementor-col-100 elementor-top-column elementor-element elementor-element-1c8a855\" data-id=\"1c8a855\" data-element_type=\"column\">\n\t\t\t<div class=\"elementor-widget-wrap\">\n\t\t\t\t\t\t\t<\/div>\n\t\t<\/div>\n\t\t\t\t\t<\/div>\n\t\t<\/section>\n\t\t\t\t<section class=\"elementor-section elementor-top-section elementor-element elementor-element-4f29bd5 elementor-section-boxed elementor-section-height-default elementor-section-height-default\" data-id=\"4f29bd5\" data-element_type=\"section\">\n\t\t\t\t\t\t<div class=\"elementor-container elementor-column-gap-default\">\n\t\t\t\t\t<div class=\"elementor-column elementor-col-100 elementor-top-column elementor-element elementor-element-8f24ac9\" data-id=\"8f24ac9\" data-element_type=\"column\">\n\t\t\t<div class=\"elementor-widget-wrap elementor-element-populated\">\n\t\t\t\t\t\t<div class=\"elementor-element elementor-element-9b73a70 elementor-widget elementor-widget-image\" data-id=\"9b73a70\" data-element_type=\"widget\" data-widget_type=\"image.default\">\n\t\t\t\t<div class=\"elementor-widget-container\">\n\t\t\t\t\t\t\t\t\t\t<figure class=\"wp-caption\">\n\t\t\t\t\t\t\t\t\t\t\t<a href=\"http:\/\/gartencafe.at\/wp\/wp-content\/uploads\/2026\/03\/Fruehstueck_16_03_2026.pdf\">\n\t\t\t\t\t\t\t<img fetchpriority=\"high\" decoding=\"async\" width=\"300\" height=\"300\" src=\"http:\/\/gartencafe.at\/wp\/wp-content\/uploads\/2021\/05\/Karte_png_Seite_01-300x300.png\" class=\"attachment-medium size-medium wp-image-97\" alt=\"\" srcset=\"http:\/\/gartencafe.at\/wp\/wp-content\/uploads\/2021\/05\/Karte_png_Seite_01-300x300.png 300w, http:\/\/gartencafe.at\/wp\/wp-content\/uploads\/2021\/05\/Karte_png_Seite_01-1024x1024.png 1024w, http:\/\/gartencafe.at\/wp\/wp-content\/uploads\/2021\/05\/Karte_png_Seite_01-150x150.png 150w, http:\/\/gartencafe.at\/wp\/wp-content\/uploads\/2021\/05\/Karte_png_Seite_01-768x768.png 768w, http:\/\/gartencafe.at\/wp\/wp-content\/uploads\/2021\/05\/Karte_png_Seite_01-1536x1536.png 1536w, http:\/\/gartencafe.at\/wp\/wp-content\/uploads\/2021\/05\/Karte_png_Seite_01-100x100.png 100w, http:\/\/gartencafe.at\/wp\/wp-content\/uploads\/2021\/05\/Karte_png_Seite_01.png 1654w\" sizes=\"100vw\" \/>\t\t\t\t\t\t\t\t<\/a>\n\t\t\t\t\t\t\t\t\t\t\t<figcaption class=\"widget-image-caption wp-caption-text\">Fr\u00fchst\u00fcckskarte<\/figcaption>\n\t\t\t\t\t\t\t\t\t\t<\/figure>\n\t\t\t\t\t\t\t<\/div>\n\t\t\t\t<\/div>\n\t\t\t\t<div class=\"elementor-element elementor-element-b3fdcdc elementor-arrows-position-inside elementor-widget elementor-widget-image-carousel\" data-id=\"b3fdcdc\" data-element_type=\"widget\" data-settings=\"{&quot;navigation&quot;:&quot;arrows&quot;,&quot;autoplay&quot;:&quot;yes&quot;,&quot;pause_on_hover&quot;:&quot;yes&quot;,&quot;pause_on_interaction&quot;:&quot;yes&quot;,&quot;autoplay_speed&quot;:5000,&quot;infinite&quot;:&quot;yes&quot;,&quot;speed&quot;:500}\" data-widget_type=\"image-carousel.default\">\n\t\t\t\t<div class=\"elementor-widget-container\">\n\t\t\t\t\t<div class=\"elementor-image-carousel-wrapper swiper-container\" dir=\"ltr\">\n\t\t\t<div class=\"elementor-image-carousel swiper-wrapper\" aria-live=\"off\">\n\t\t\t\t\t\t\t\t<div class=\"swiper-slide\" role=\"group\" aria-roledescription=\"slide\" aria-label=\"1 von 5\"><figure class=\"swiper-slide-inner\"><img decoding=\"async\" class=\"swiper-slide-image\" src=\"http:\/\/gartencafe.at\/wp\/wp-content\/uploads\/2021\/04\/coffee-206142_1920-1920x1200.jpg\" alt=\"coffee-206142_1920\" \/><\/figure><\/div><div class=\"swiper-slide\" role=\"group\" aria-roledescription=\"slide\" aria-label=\"2 von 5\"><figure class=\"swiper-slide-inner\"><img decoding=\"async\" class=\"swiper-slide-image\" src=\"http:\/\/gartencafe.at\/wp\/wp-content\/uploads\/2021\/04\/coffee-983955_19201-1920x1200.jpg\" alt=\"coffee-983955_1920(1)\" \/><\/figure><\/div><div class=\"swiper-slide\" role=\"group\" aria-roledescription=\"slide\" aria-label=\"3 von 5\"><figure class=\"swiper-slide-inner\"><img decoding=\"async\" class=\"swiper-slide-image\" src=\"http:\/\/gartencafe.at\/wp\/wp-content\/uploads\/2021\/04\/coffee-2319107_1920-1920x1200.jpg\" alt=\"coffee-2319107_1920\" \/><\/figure><\/div><div class=\"swiper-slide\" role=\"group\" aria-roledescription=\"slide\" aria-label=\"4 von 5\"><figure class=\"swiper-slide-inner\"><img decoding=\"async\" class=\"swiper-slide-image\" src=\"http:\/\/gartencafe.at\/wp\/wp-content\/uploads\/2021\/04\/bread-4077812_19201-1920x1200.jpg\" alt=\"bread-4077812_1920(1)\" \/><\/figure><\/div><div class=\"swiper-slide\" role=\"group\" aria-roledescription=\"slide\" aria-label=\"5 von 5\"><figure class=\"swiper-slide-inner\"><img decoding=\"async\" class=\"swiper-slide-image\" src=\"http:\/\/gartencafe.at\/wp\/wp-content\/uploads\/2021\/04\/coffee-802057_1920-1920x1200.jpg\" alt=\"coffee-802057_1920\" \/><\/figure><\/div>\t\t\t<\/div>\n\t\t\t\t\t\t\t\t\t\t\t\t<div class=\"elementor-swiper-button elementor-swiper-button-prev\" role=\"button\" tabindex=\"0\">\n\t\t\t\t\t\t<i aria-hidden=\"true\" class=\"eicon-chevron-left\"><\/i>\t\t\t\t\t<\/div>\n\t\t\t\t\t<div class=\"elementor-swiper-button elementor-swiper-button-next\" role=\"button\" tabindex=\"0\">\n\t\t\t\t\t\t<i aria-hidden=\"true\" class=\"eicon-chevron-right\"><\/i>\t\t\t\t\t<\/div>\n\t\t\t\t\n\t\t\t\t\t\t\t\t\t<\/div>\n\t\t\t\t<\/div>\n\t\t\t\t<\/div>\n\t\t\t\t\t<\/div>\n\t\t<\/div>\n\t\t\t\t\t<\/div>\n\t\t<\/section>\n\t\t\t\t<\/div>\n\t\t","protected":false},"excerpt":{"rendered":"<p>Greifensteiner Stra\u00dfe 46 3423 St. Andr\u00e4-W\u00f6rdern \u00a0Telefon: 02242 \/ 38758 Mail: office (at) gartencafe.at t\u00e4glich von 8.00 bis 22.00 Uhr ge\u00f6ffnet. Speisekarte Fr\u00fchst\u00fcckskarte<\/p>\n","protected":false},"author":1,"featured_media":0,"parent":0,"menu_order":0,"comment_status":"closed","ping_status":"closed","template":"elementor_canvas","meta":{"footnotes":""},"_links":{"self":[{"href":"http:\/\/gartencafe.at\/wp\/index.php?rest_route=\/wp\/v2\/pages\/4"}],"collection":[{"href":"http:\/\/gartencafe.at\/wp\/index.php?rest_route=\/wp\/v2\/pages"}],"about":[{"href":"http:\/\/gartencafe.at\/wp\/index.php?rest_route=\/wp\/v2\/types\/page"}],"author":[{"embeddable":true,"href":"http:\/\/gartencafe.at\/wp\/index.php?rest_route=\/wp\/v2\/users\/1"}],"replies":[{"embeddable":true,"href":"http:\/\/gartencafe.at\/wp\/index.php?rest_route=%2Fwp%2Fv2%2Fcomments&post=4"}],"version-history":[{"count":181,"href":"http:\/\/gartencafe.at\/wp\/index.php?rest_route=\/wp\/v2\/pages\/4\/revisions"}],"predecessor-version":[{"id":251,"href":"http:\/\/gartencafe.at\/wp\/index.php?rest_route=\/wp\/v2\/pages\/4\/revisions\/251"}],"wp:attachment":[{"href":"http:\/\/gartencafe.at\/wp\/index.php?rest_route=%2Fwp%2Fv2%2Fmedia&parent=4"}],"curies":[{"name":"wp","href":"https:\/\/api.w.org\/{rel}","templated":true}]}}